{"id":1107,"date":"2017-03-10T06:51:36","date_gmt":"2017-03-10T06:51:36","guid":{"rendered":"http:\/\/izdemcelik.com\/index.php\/about-us-2\/"},"modified":"2021-12-27T14:41:06","modified_gmt":"2021-12-27T11:41:06","slug":"hakkimizda","status":"publish","type":"page","link":"https:\/\/asildemircelik.com\/index.php\/hakkimizda\/","title":{"rendered":"Hakk\u0131m\u0131zda"},"content":{"rendered":"<p>[vc_row full_width=&#8221;stretch_row_content&#8221; content_placement=&#8221;middle&#8221; lg_spacing=&#8221;padding_top:100&#8243;][vc_column offset=&#8221;vc_col-lg-6&#8243;][vc_row_inner content_alignment=&#8221;true&#8221; background_size=&#8221;auto&#8221; max_width=&#8221;600px&#8221; lg_spacing=&#8221;padding_top:60;padding_bottom:30;padding_left:134&#8243; md_spacing=&#8221;padding_left:100&#8243; sm_spacing=&#8221;padding_left:15&#8243; background_image=&#8221;1218&#8243; background_position=&#8221;top left&#8221;][vc_column_inner][tm_heading custom_google_font=&#8221;&#8221; google_fonts=&#8221;font_family:Poppins%3A300%2Cregular%2C500%2C600%2C700|font_style:300%20light%20regular%3A300%3Anormal&#8221; font_weight=&#8221;400&#8243; text=&#8221;\u0130\u015finizi \u015fansa b\u0131rakmay\u0131n. Uzman ellerde istedi\u011finiz \u00fcr\u00fcnleri tam zaman\u0131nda teslim ediyoruz.&#8221; font_size=&#8221;lg:34&#8243; line_height=&#8221;1.2&#8243; css=&#8221;.vc_custom_1640597864583{margin-bottom: 30px !important;}&#8221; typed_list=&#8221;%5B%7B%7D%5D&#8221;][tm_heading tag=&#8221;p&#8221; custom_google_font=&#8221;&#8221; google_fonts=&#8221;font_family:Poppins%3A300%2Cregular%2C500%2C600%2C700|font_style:300%20light%20regular%3A300%3Anormal&#8221; text=&#8221;Asil Demir \u00c7elik satt\u0131\u011f\u0131 b\u00fct\u00fcn mamullerin kalite sertifikalar\u0131n\u0131 ve kimyasal analiz belgelerini m\u00fc\u015fterilerine temin etmektedir. Sahip oldu\u011fu ticari beceri ve g\u00fc\u00e7l\u00fc finansman\u0131yla, k\u0131sa s\u00fcrede sekt\u00f6rde g\u00fcvenin simgesi olmu\u015ftur. M\u00fc\u015fterilerine kaliteli \u00fcr\u00fcnleri, zaman\u0131nda ve uygun fiyat avantaj\u0131 ile temin ederek, T\u00fcrkiye \u00e7ap\u0131nda ba\u015far\u0131l\u0131 hizmetler veren Asil Demir \u00c7elik, bu s\u00fcre\u00e7te sekt\u00f6r\u00fcnde \u00f6nemli bir yer edinmeyi ba\u015farm\u0131\u015ft\u0131r.&#8221; font_size=&#8221;lg:16&#8243; line_height=&#8221;1.8&#8243; typed_list=&#8221;%5B%7B%7D%5D&#8221;][\/vc_column_inner][\/vc_row_inner][\/vc_column][vc_column max_width=&#8221;770px&#8221; offset=&#8221;vc_col-lg-6&#8243;][vc_single_image image=&#8221;3662&#8243; img_size=&#8221;500&#215;500&#8243;][\/vc_column][\/vc_row][vc_row lg_spacing=&#8221;padding_top:140;padding_bottom:80&#8243;][vc_column width=&#8221;1\/3&#8243;][tm_box_icon align=&#8221;center&#8221; type=&#8221;linea&#8221; icon_linea=&#8221;icon-basic-mail-open-text&#8221; link=&#8221;url:%23|title:Test%20Link|target:%20_blank|rel:nofollow&#8221; heading=&#8221;D\u00fc\u015f\u00fck Maliyet&#8221; text=&#8221;T\u00fcm \u00fcr\u00fcnler i\u00e7in \u015feffaf ve rekabet\u00e7i fiyatlar ile kazan\u00e7l\u0131 bir al\u0131\u015f sa\u011fl\u0131yoruz.&#8221;][\/vc_column][vc_column width=&#8221;1\/3&#8243;][tm_box_icon align=&#8221;center&#8221; type=&#8221;linea&#8221; icon_linea=&#8221;icon-basic-clockwise&#8221; heading=&#8221;K\u0131sa Zaman&#8221; text=&#8221;Nakliye ihtiyac\u0131n\u0131z\u0131 en h\u0131zl\u0131 \u015fekilde k\u0131sa zamanda ger\u00e7ekle\u015ftiriyoruz.&#8221;][\/vc_column][vc_column width=&#8221;1\/3&#8243;][tm_box_icon align=&#8221;center&#8221; type=&#8221;linea&#8221; icon_linea=&#8221;icon-arrows-check&#8221; heading=&#8221;Y\u00fcksek Verimlilik&#8221; text=&#8221;Uygun fiyata y\u00fcksek verimlilik elde etmeniz i\u00e7in \u00e7al\u0131\u015f\u0131yoruz.&#8221;][\/vc_column][\/vc_row][vc_row full_width=&#8221;stretch_row_content&#8221; equal_height=&#8221;yes&#8221; content_placement=&#8221;middle&#8221;][vc_column width=&#8221;1\/2&#8243; background_color=&#8221;primary&#8221; lg_spacing=&#8221;padding_top:188;padding_bottom:188&#8243; md_spacing=&#8221;padding_top:148;padding_bottom:148&#8243; sm_spacing=&#8221;padding_top:100;padding_bottom:100&#8243;][vc_row_inner content_alignment=&#8221;center&#8221; max_width=&#8221;505px&#8221;][vc_column_inner][tm_heading tag=&#8221;h6&#8243; custom_google_font=&#8221;&#8221; google_fonts=&#8221;font_family:Poppins%3A300%2Cregular%2C500%2C600%2C700|font_style:300%20light%20regular%3A300%3Anormal&#8221; font_weight=&#8221;700&#8243; text_color=&#8221;secondary_color&#8221; text=&#8221;M\u0130SYONUMUZ&#8221; font_size=&#8221;lg:16&#8243; letter_spacing=&#8221;2px&#8221; line_height=&#8221;1.2&#8243; css=&#8221;.vc_custom_1640599010672{margin-bottom: 21px !important;}&#8221; typed_list=&#8221;%5B%7B%7D%5D&#8221;][tm_heading custom_google_font=&#8221;&#8221; google_fonts=&#8221;font_family:Poppins%3A300%2Cregular%2C500%2C600%2C700|font_style:300%20light%20regular%3A300%3Anormal&#8221; text_color=&#8221;secondary_color&#8221; text=&#8221;\u00dclkemizin sanayi gelece\u011fi i\u00e7in \u00e7al\u0131\u015f\u0131yoruz.&#8221; font_size=&#8221;lg:46&#8243; line_height=&#8221;1.16&#8243; css=&#8221;.vc_custom_1640599046097{margin-bottom: 32px !important;}&#8221; typed_list=&#8221;%5B%7B%7D%5D&#8221;][tm_heading tag=&#8221;div&#8221; custom_google_font=&#8221;&#8221; google_fonts=&#8221;font_family:Poppins%3A300%2Cregular%2C500%2C600%2C700|font_style:300%20light%20regular%3A300%3Anormal&#8221; text=&#8221;\u00dclkemizde a\u011f\u0131r sanayi sekt\u00f6r\u00fcn\u00fcn sorunlar\u0131n\u0131 biliyoruz. Hammadde ve nitelikli hizmet eksikli\u011fini gidermek ad\u0131na, gece g\u00fcnd\u00fcz \u00e7al\u0131\u015f\u0131yoruz.&#8221; max_width=&#8221;420px&#8221; typed_list=&#8221;%5B%7B%7D%5D&#8221;][\/vc_column_inner][\/vc_row_inner][\/vc_column][vc_column width=&#8221;1\/2&#8243; background_color=&#8221;secondary&#8221; lg_spacing=&#8221;padding_top:188;padding_bottom:188&#8243; md_spacing=&#8221;padding_top:148;padding_bottom:148&#8243; sm_spacing=&#8221;padding_top:100;padding_bottom:100&#8243;][vc_row_inner content_alignment=&#8221;center&#8221; max_width=&#8221;505px&#8221;][vc_column_inner][tm_heading tag=&#8221;h6&#8243; custom_google_font=&#8221;&#8221; google_fonts=&#8221;font_family:Poppins%3A300%2Cregular%2C500%2C600%2C700|font_style:300%20light%20regular%3A300%3Anormal&#8221; font_weight=&#8221;700&#8243; text_color=&#8221;primary_color&#8221; text=&#8221;\u0130LKELER\u0130M\u0130Z&#8221; font_size=&#8221;lg:16&#8243; letter_spacing=&#8221;2px&#8221; line_height=&#8221;1.2&#8243; css=&#8221;.vc_custom_1640599165244{margin-bottom: 21px !important;}&#8221; typed_list=&#8221;%5B%7B%7D%5D&#8221;][tm_heading custom_google_font=&#8221;&#8221; google_fonts=&#8221;font_family:Poppins%3A300%2Cregular%2C500%2C600%2C700|font_style:300%20light%20regular%3A300%3Anormal&#8221; text=&#8221;G\u00fcven + Memnuniyet = S\u00fcreklilik&#8221; font_size=&#8221;lg:46&#8243; line_height=&#8221;1.16&#8243; css=&#8221;.vc_custom_1640599186843{margin-bottom: 32px !important;}&#8221; typed_list=&#8221;%5B%7B%7D%5D&#8221;][tm_heading tag=&#8221;div&#8221; custom_google_font=&#8221;&#8221; google_fonts=&#8221;font_family:Poppins%3A300%2Cregular%2C500%2C600%2C700|font_style:300%20light%20regular%3A300%3Anormal&#8221; text_color=&#8221;primary_color&#8221; text=&#8221;Hizmet anlay\u0131\u015f\u0131n\u0131n temelinde yatan &#8220;G\u00fcven + Memnuniyet = S\u00fcreklilik&#8220; ger\u00e7e\u011fini gelece\u011fe y\u00f6nelik en b\u00fcy\u00fck yat\u0131r\u0131m olarak kabul eden Asil Demir \u00c7elik, bu anlay\u0131\u015f\u0131ndan \u00f6d\u00fcn vermeden m\u00fc\u015fterilerine en iyiyi sunmaya devam edecektir.&#8221; max_width=&#8221;420px&#8221; typed_list=&#8221;%5B%7B%7D%5D&#8221;][\/vc_column_inner][\/vc_row_inner][\/vc_column][\/vc_row][vc_row][vc_column][vc_separator][\/vc_column][\/vc_row][vc_row full_width=&#8221;stretch_row&#8221; content_placement=&#8221;middle&#8221; background_color=&#8221;secondary&#8221; lg_spacing=&#8221;padding_top:70;padding_bottom:70&#8243;][vc_column width=&#8221;1\/2&#8243; xs_spacing=&#8221;margin_bottom:15&#8243;][tm_heading custom_google_font=&#8221;&#8221; google_fonts=&#8221;font_family:Poppins%3A300%2Cregular%2C500%2C600%2C700|font_style:300%20light%20regular%3A300%3Anormal&#8221; xs_align=&#8221;center&#8221; text_color=&#8221;custom_color&#8221; custom_text_color=&#8221;#ffffff&#8221; text=&#8221;\u0130htiyacan\u0131za \u00f6zel \u00e7\u00f6z\u00fcmler i\u00e7in bizimle ileti\u015fme ge\u00e7in.&#8221; font_size=&#8221;lg:32&#8243; typed_list=&#8221;%5B%7B%7D%5D&#8221;][\/vc_column][vc_column width=&#8221;1\/2&#8243;][tm_button style=&#8221;2&#8243; button=&#8221;url:http%3A%2F%2Fizdemcelik.com%2Findex.php%2Filetisim%2F|title:B%C4%B0ZE%20ULA%C5%9EIN||&#8221; align=&#8221;right&#8221; xs_align=&#8221;center&#8221; color=&#8221;white&#8221; css=&#8221;&#8221;][\/vc_column][\/vc_row]<\/p>\n","protected":false},"excerpt":{"rendered":"[vc_row full_width=&#8221;stretch_row_content&#8221; content_placement=&#8221;middle&#8221; lg_spacing=&#8221;padding_top:100&#8243;][vc_column offset=&#8221;vc_col-lg-6&#8243;][vc_row_inner content_alignment=&#8221;true&#8221; background_size=&#8221;auto&#8221; max_width=&#8221;600px&#8221; lg_spacing=&#8221;padding_top:60;padding_bottom:30;padding_left:134&#8243; md_spacing=&#8221;padding_left:100&#8243; sm_spacing=&#8221;padding_left:15&#8243; background_image=&#8221;1218&#8243; background_position=&#8221;top left&#8221;][vc_column_inner][tm_heading custom_google_font=&#8221;&#8221; google_fonts=&#8221;font_family:Poppins%3A300%2Cregular%2C500%2C600%2C700|font_style:300%20light%20regular%3A300%3Anormal&#8221; font_weight=&#8221;400&#8243; text=&#8221;\u0130\u015finizi \u015fansa b\u0131rakmay\u0131n. Uzman ellerde istedi\u011finiz \u00fcr\u00fcnleri tam zaman\u0131nda teslim ediyoruz.&#8221; font_size=&#8221;lg:34&#8243; line_height=&#8221;1.2&#8243; css=&#8221;.vc_custom_1640597864583{margin-bottom: 30px !important;}&#8221; typed_list=&#8221;%5B%7B%7D%5D&#8221;][tm_heading tag=&#8221;p&#8221; custom_google_font=&#8221;&#8221; google_fonts=&#8221;font_family:Poppins%3A300%2Cregular%2C500%2C600%2C700|font_style:300%20light%20regular%3A300%3Anormal&#8221; text=&#8221;Asil Demir \u00c7elik satt\u0131\u011f\u0131 b\u00fct\u00fcn mamullerin kalite sertifikalar\u0131n\u0131 ve kimyasal analiz belgelerini m\u00fc\u015fterilerine temin etmektedir. Sahip oldu\u011fu ticari beceri ve g\u00fc\u00e7l\u00fc finansman\u0131yla, k\u0131sa s\u00fcrede sekt\u00f6rde g\u00fcvenin simgesi olmu\u015ftur. M\u00fc\u015fterilerine kaliteli \u00fcr\u00fcnleri, zaman\u0131nda ve uygun fiyat avantaj\u0131 ile temin ederek, T\u00fcrkiye \u00e7ap\u0131nda ba\u015far\u0131l\u0131 hizmetler veren Asil Demir \u00c7elik, bu s\u00fcre\u00e7te sekt\u00f6r\u00fcnde \u00f6nemli bir yer edinmeyi ba\u015farm\u0131\u015ft\u0131r.&#8221; font_size=&#8221;lg:16&#8243; line_height=&#8221;1.8&#8243; typed_list=&#8221;%5B%7B%7D%5D&#8221;][\/vc_column_inner][\/vc_row_inner][\/vc_column][vc_column max_width=&#8221;770px&#8221; offset=&#8221;vc_col-lg-6&#8243;][vc_single_image image=&#8221;3662&#8243; img_size=&#8221;500&#215;500&#8243;][\/vc_column][\/vc_row][vc_row lg_spacing=&#8221;padding_top:140;padding_bottom:80&#8243;][vc_column width=&#8221;1\/3&#8243;][tm_box_icon align=&#8221;center&#8221; type=&#8221;linea&#8221; icon_linea=&#8221;icon-basic-mail-open-text&#8221; link=&#8221;url:%23|title:Test%20Link|target:%20_blank|rel:nofollow&#8221; heading=&#8221;D\u00fc\u015f\u00fck Maliyet&#8221; text=&#8221;T\u00fcm \u00fcr\u00fcnler i\u00e7in \u015feffaf ve rekabet\u00e7i fiyatlar ile kazan\u00e7l\u0131 bir al\u0131\u015f sa\u011fl\u0131yoruz.&#8221;][\/vc_column][vc_column width=&#8221;1\/3&#8243;][tm_box_icon align=&#8221;center&#8221; type=&#8221;linea&#8221; icon_linea=&#8221;icon-basic-clockwise&#8221; heading=&#8221;K\u0131sa Zaman&#8221; text=&#8221;Nakliye ihtiyac\u0131n\u0131z\u0131 en h\u0131zl\u0131 \u015fekilde k\u0131sa zamanda ger\u00e7ekle\u015ftiriyoruz.&#8221;][\/vc_column][vc_column width=&#8221;1\/3&#8243;][tm_box_icon align=&#8221;center&#8221; type=&#8221;linea&#8221; icon_linea=&#8221;icon-arrows-check&#8221; heading=&#8221;Y\u00fcksek Verimlilik&#8221; text=&#8221;Uygun fiyata y\u00fcksek verimlilik elde etmeniz i\u00e7in \u00e7al\u0131\u015f\u0131yoruz.&#8221;][\/vc_column][\/vc_row][vc_row full_width=&#8221;stretch_row_content&#8221; equal_height=&#8221;yes&#8221; content_placement=&#8221;middle&#8221;][vc_column width=&#8221;1\/2&#8243; background_color=&#8221;primary&#8221; lg_spacing=&#8221;padding_top:188;padding_bottom:188&#8243; md_spacing=&#8221;padding_top:148;padding_bottom:148&#8243; sm_spacing=&#8221;padding_top:100;padding_bottom:100&#8243;][vc_row_inner content_alignment=&#8221;center&#8221; max_width=&#8221;505px&#8221;][vc_column_inner][tm_heading tag=&#8221;h6&#8243; custom_google_font=&#8221;&#8221; google_fonts=&#8221;font_family:Poppins%3A300%2Cregular%2C500%2C600%2C700|font_style:300%20light%20regular%3A300%3Anormal&#8221; font_weight=&#8221;700&#8243; text_color=&#8221;secondary_color&#8221; text=&#8221;M\u0130SYONUMUZ&#8221; font_size=&#8221;lg:16&#8243; letter_spacing=&#8221;2px&#8221; line_height=&#8221;1.2&#8243; css=&#8221;.vc_custom_1640599010672{margin-bottom: 21px !important;}&#8221; typed_list=&#8221;%5B%7B%7D%5D&#8221;][tm_heading custom_google_font=&#8221;&#8221; google_fonts=&#8221;font_family:Poppins%3A300%2Cregular%2C500%2C600%2C700|font_style:300%20light%20regular%3A300%3Anormal&#8221; text_color=&#8221;secondary_color&#8221; text=&#8221;\u00dclkemizin sanayi gelece\u011fi i\u00e7in \u00e7al\u0131\u015f\u0131yoruz.&#8221; font_size=&#8221;lg:46&#8243; line_height=&#8221;1.16&#8243; css=&#8221;.vc_custom_1640599046097{margin-bottom: 32px !important;}&#8221; typed_list=&#8221;%5B%7B%7D%5D&#8221;][tm_heading tag=&#8221;div&#8221; custom_google_font=&#8221;&#8221; google_fonts=&#8221;font_family:Poppins%3A300%2Cregular%2C500%2C600%2C700|font_style:300%20light%20regular%3A300%3Anormal&#8221; text=&#8221;\u00dclkemizde a\u011f\u0131r sanayi sekt\u00f6r\u00fcn\u00fcn sorunlar\u0131n\u0131 biliyoruz. Hammadde ve nitelikli hizmet eksikli\u011fini gidermek ad\u0131na, gece g\u00fcnd\u00fcz \u00e7al\u0131\u015f\u0131yoruz.&#8221; max_width=&#8221;420px&#8221; typed_list=&#8221;%5B%7B%7D%5D&#8221;][\/vc_column_inner][\/vc_row_inner][\/vc_column][vc_column width=&#8221;1\/2&#8243; background_color=&#8221;secondary&#8221; lg_spacing=&#8221;padding_top:188;padding_bottom:188&#8243; md_spacing=&#8221;padding_top:148;padding_bottom:148&#8243; sm_spacing=&#8221;padding_top:100;padding_bottom:100&#8243;][vc_row_inner content_alignment=&#8221;center&#8221; max_width=&#8221;505px&#8221;][vc_column_inner][tm_heading tag=&#8221;h6&#8243; custom_google_font=&#8221;&#8221; google_fonts=&#8221;font_family:Poppins%3A300%2Cregular%2C500%2C600%2C700|font_style:300%20light%20regular%3A300%3Anormal&#8221; font_weight=&#8221;700&#8243; text_color=&#8221;primary_color&#8221; text=&#8221;\u0130LKELER\u0130M\u0130Z&#8221; font_size=&#8221;lg:16&#8243; letter_spacing=&#8221;2px&#8221; line_height=&#8221;1.2&#8243; css=&#8221;.vc_custom_1640599165244{margin-bottom: 21px !important;}&#8221; typed_list=&#8221;%5B%7B%7D%5D&#8221;][tm_heading custom_google_font=&#8221;&#8221; google_fonts=&#8221;font_family:Poppins%3A300%2Cregular%2C500%2C600%2C700|font_style:300%20light%20regular%3A300%3Anormal&#8221; text=&#8221;G\u00fcven + Memnuniyet = S\u00fcreklilik&#8221; font_size=&#8221;lg:46&#8243; line_height=&#8221;1.16&#8243; css=&#8221;.vc_custom_1640599186843{margin-bottom: 32px !important;}&#8221; typed_list=&#8221;%5B%7B%7D%5D&#8221;][tm_heading tag=&#8221;div&#8221; custom_google_font=&#8221;&#8221; google_fonts=&#8221;font_family:Poppins%3A300%2Cregular%2C500%2C600%2C700|font_style:300%20light%20regular%3A300%3Anormal&#8221; text_color=&#8221;primary_color&#8221; text=&#8221;Hizmet anlay\u0131\u015f\u0131n\u0131n temelinde yatan &#8220;G\u00fcven + Memnuniyet = S\u00fcreklilik&#8220; ger\u00e7e\u011fini gelece\u011fe y\u00f6nelik en b\u00fcy\u00fck yat\u0131r\u0131m olarak kabul eden Asil Demir \u00c7elik, bu anlay\u0131\u015f\u0131ndan \u00f6d\u00fcn vermeden m\u00fc\u015fterilerine en iyiyi sunmaya devam edecektir.&#8221; max_width=&#8221;420px&#8221; typed_list=&#8221;%5B%7B%7D%5D&#8221;][\/vc_column_inner][\/vc_row_inner][\/vc_column][\/vc_row][vc_row][vc_column][vc_separator][\/vc_column][\/vc_row][vc_row full_width=&#8221;stretch_row&#8221; content_placement=&#8221;middle&#8221; background_color=&#8221;secondary&#8221; lg_spacing=&#8221;padding_top:70;padding_bottom:70&#8243;][vc_column width=&#8221;1\/2&#8243; xs_spacing=&#8221;margin_bottom:15&#8243;][tm_heading custom_google_font=&#8221;&#8221; google_fonts=&#8221;font_family:Poppins%3A300%2Cregular%2C500%2C600%2C700|font_style:300%20light%20regular%3A300%3Anormal&#8221; xs_align=&#8221;center&#8221; text_color=&#8221;custom_color&#8221; custom_text_color=&#8221;#ffffff&#8221; text=&#8221;\u0130htiyacan\u0131za \u00f6zel \u00e7\u00f6z\u00fcmler i\u00e7in bizimle ileti\u015fme ge\u00e7in.&#8221; font_size=&#8221;lg:32&#8243; typed_list=&#8221;%5B%7B%7D%5D&#8221;][\/vc_column][vc_column width=&#8221;1\/2&#8243;][tm_button style=&#8221;2&#8243; button=&#8221;url:http%3A%2F%2Fizdemcelik.com%2Findex.php%2Filetisim%2F|title:B%C4%B0ZE%20ULA%C5%9EIN||&#8221; align=&#8221;right&#8221; xs_align=&#8221;center&#8221; color=&#8221;white&#8221; css=&#8221;&#8221;][\/vc_column][\/vc_row]","protected":false},"author":1,"featured_media":0,"parent":0,"menu_order":0,"comment_status":"closed","ping_status":"closed","template":"","meta":{"footnotes":""},"class_list":["post-1107","page","type-page","status-publish","hentry"],"_links":{"self":[{"href":"https:\/\/asildemircelik.com\/index.php\/wp-json\/wp\/v2\/pages\/1107","targetHints":{"allow":["GET"]}}],"collection":[{"href":"https:\/\/asildemircelik.com\/index.php\/wp-json\/wp\/v2\/pages"}],"about":[{"href":"https:\/\/asildemircelik.com\/index.php\/wp-json\/wp\/v2\/types\/page"}],"author":[{"embeddable":true,"href":"https:\/\/asildemircelik.com\/index.php\/wp-json\/wp\/v2\/users\/1"}],"replies":[{"embeddable":true,"href":"https:\/\/asildemircelik.com\/index.php\/wp-json\/wp\/v2\/comments?post=1107"}],"version-history":[{"count":19,"href":"https:\/\/asildemircelik.com\/index.php\/wp-json\/wp\/v2\/pages\/1107\/revisions"}],"predecessor-version":[{"id":3772,"href":"https:\/\/asildemircelik.com\/index.php\/wp-json\/wp\/v2\/pages\/1107\/revisions\/3772"}],"wp:attachment":[{"href":"https:\/\/asildemircelik.com\/index.php\/wp-json\/wp\/v2\/media?parent=1107"}],"curies":[{"name":"wp","href":"https:\/\/api.w.org\/{rel}","templated":true}]}}